{"id":1476,"date":"2026-01-05T12:34:07","date_gmt":"2026-01-05T15:34:07","guid":{"rendered":"https:\/\/www.frprimeimoveis.com.br\/p\/?page_id=1476"},"modified":"2026-03-26T20:22:13","modified_gmt":"2026-03-26T23:22:13","slug":"nosso-fundador","status":"publish","type":"page","link":"https:\/\/www.frprimeimoveis.com.br\/p\/nosso-fundador\/","title":{"rendered":"Nosso Fundador"},"content":{"rendered":"\t\t<div data-elementor-type=\"wp-page\" data-elementor-id=\"1476\" class=\"elementor elementor-1476\" data-elementor-settings=\"{&quot;ha_cmc_init_switcher&quot;:&quot;no&quot;}\" data-elementor-post-type=\"page\">\n\t\t\t\t<div class=\"elementor-element elementor-element-83508b3 e-flex e-con-boxed wpr-particle-no wpr-jarallax-no wpr-parallax-no wpr-sticky-section-no e-con e-parent\" data-id=\"83508b3\" data-element_type=\"container\" data-settings=\"{&quot;background_background&quot;:&quot;classic&quot;,&quot;_ha_eqh_enable&quot;:false}\">\n\t\t\t\t\t<div class=\"e-con-inner\">\n\t\t<div class=\"elementor-element elementor-element-9c2cf3a e-con-full e-flex wpr-particle-no wpr-jarallax-no wpr-parallax-no wpr-sticky-section-no e-con e-child\" data-id=\"9c2cf3a\" data-element_type=\"container\" data-settings=\"{&quot;_ha_eqh_enable&quot;:false}\">\n\t\t\t\t<div class=\"elementor-element elementor-element-a05c9f0 elementor-widget elementor-widget-heading\" data-id=\"a05c9f0\" data-element_type=\"widget\" data-widget_type=\"heading.default\">\n\t\t\t\t\t<h2 class=\"elementor-heading-title elementor-size-default\">Nosso Fundador<\/h2>\t\t\t\t<\/div>\n\t\t\t\t<div class=\"elementor-element elementor-element-2dd06fa elementor-widget elementor-widget-text-editor\" data-id=\"2dd06fa\" data-element_type=\"widget\" data-widget_type=\"text-editor.default\">\n\t\t\t\t\t\t\t\t\tFl\u00e1vio Ribeiro \u2014\u00a0 O estrategista que transformou im\u00f3veis em caminho para a liberdade.\t\t\t\t\t\t\t\t<\/div>\n\t\t\t\t<div class=\"elementor-element elementor-element-3ed2e4d elementor-widget elementor-widget-text-editor\" data-id=\"3ed2e4d\" data-element_type=\"widget\" data-widget_type=\"text-editor.default\">\n\t\t\t\t\t\t\t\t\t<p>Fl\u00e1vio Ribeiro \u00e9 a mente por tr\u00e1s de um movimento: mostrar que o mercado imobili\u00e1rio n\u00e3o precisa ser burocr\u00e1tico, confuso ou engessado.\u2028Ele pode, e deve, ser uma ferramenta poderosa de crescimento, liberdade e constru\u00e7\u00e3o de patrim\u00f4nio.<\/p><p>Jur\u00eddico de forma\u00e7\u00e3o. Investidor na pr\u00e1tica.\u2028Especialista em alavancagem patrimonial.<\/p>\t\t\t\t\t\t\t\t<\/div>\n\t\t\t\t<div class=\"elementor-element elementor-element-a745105 elementor-align-left elementor-mobile-align-justify elementor-widget-mobile__width-inherit elementor-widget elementor-widget-button\" data-id=\"a745105\" data-element_type=\"widget\" data-widget_type=\"button.default\">\n\t\t\t\t\t\t\t\t\t\t<a class=\"elementor-button elementor-button-link elementor-size-sm elementor-animation-grow\" href=\"#elementor-action%3Aaction%3Dpopup%3Aopen%26settings%3DeyJpZCI6IjE0NjMiLCJ0b2dnbGUiOmZhbHNlfQ%3D%3D\">\n\t\t\t\t\t\t<span class=\"elementor-button-content-wrapper\">\n\t\t\t\t\t\t\t\t\t<span class=\"elementor-button-text\">Agende uma Conversa<\/span>\n\t\t\t\t\t<\/span>\n\t\t\t\t\t<\/a>\n\t\t\t\t\t\t\t\t<\/div>\n\t\t\t\t<\/div>\n\t\t<div class=\"elementor-element elementor-element-44b7a7c e-con-full e-flex wpr-particle-no wpr-jarallax-no wpr-parallax-no wpr-sticky-section-no e-con e-child\" data-id=\"44b7a7c\" data-element_type=\"container\" data-settings=\"{&quot;_ha_eqh_enable&quot;:false}\">\n\t\t\t\t<div class=\"elementor-element elementor-element-1725511 animated-slow elementor-invisible elementor-widget elementor-widget-image\" data-id=\"1725511\" data-element_type=\"widget\" data-settings=\"{&quot;_animation&quot;:&quot;fadeInUp&quot;}\" data-widget_type=\"image.default\">\n\t\t\t\t\t\t\t\t\t\t\t\t\t\t\t<img fetchpriority=\"high\" decoding=\"async\" width=\"758\" height=\"1024\" src=\"https:\/\/www.frprimeimoveis.com.br\/p\/wp-content\/uploads\/2026\/03\/IMG_5575.JPG-758x1024.webp\" class=\"attachment-large size-large wp-image-2511\" alt=\"\" srcset=\"https:\/\/www.frprimeimoveis.com.br\/p\/wp-content\/uploads\/2026\/03\/IMG_5575.JPG-758x1024.webp 758w, https:\/\/www.frprimeimoveis.com.br\/p\/wp-content\/uploads\/2026\/03\/IMG_5575.JPG-222x300.webp 222w, https:\/\/www.frprimeimoveis.com.br\/p\/wp-content\/uploads\/2026\/03\/IMG_5575.JPG-768x1037.webp 768w, https:\/\/www.frprimeimoveis.com.br\/p\/wp-content\/uploads\/2026\/03\/IMG_5575.JPG-1137x1536.webp 1137w, https:\/\/www.frprimeimoveis.com.br\/p\/wp-content\/uploads\/2026\/03\/IMG_5575.JPG.webp 1272w\" sizes=\"(max-width: 758px) 100vw, 758px\" \/>\t\t\t\t\t\t\t\t\t\t\t\t\t\t\t<\/div>\n\t\t\t\t<\/div>\n\t\t\t\t\t<\/div>\n\t\t\t\t<\/div>\n\t\t<div class=\"elementor-element elementor-element-19f4182 e-flex e-con-boxed wpr-particle-no wpr-jarallax-no wpr-parallax-no wpr-sticky-section-no e-con e-parent\" data-id=\"19f4182\" data-element_type=\"container\" data-settings=\"{&quot;background_background&quot;:&quot;classic&quot;,&quot;_ha_eqh_enable&quot;:false}\">\n\t\t\t\t\t<div class=\"e-con-inner\">\n\t\t<div class=\"elementor-element elementor-element-672e0b6 e-con-full animated-slow e-flex wpr-particle-no wpr-jarallax-no wpr-parallax-no wpr-sticky-section-no elementor-invisible e-con e-child\" data-id=\"672e0b6\" data-element_type=\"container\" data-settings=\"{&quot;animation&quot;:&quot;fadeInRight&quot;,&quot;_ha_eqh_enable&quot;:false}\">\n\t\t\t\t<div class=\"elementor-element elementor-element-ce71aab elementor-widget__width-inherit elementor-widget elementor-widget-image\" data-id=\"ce71aab\" data-element_type=\"widget\" data-widget_type=\"image.default\">\n\t\t\t\t\t\t\t\t\t\t\t\t\t\t\t<img decoding=\"async\" width=\"725\" height=\"536\" src=\"https:\/\/www.frprimeimoveis.com.br\/p\/wp-content\/uploads\/2026\/01\/card_fundador-3.webp\" class=\"attachment-large size-large wp-image-1483\" alt=\"\" srcset=\"https:\/\/www.frprimeimoveis.com.br\/p\/wp-content\/uploads\/2026\/01\/card_fundador-3.webp 725w, https:\/\/www.frprimeimoveis.com.br\/p\/wp-content\/uploads\/2026\/01\/card_fundador-3-300x222.webp 300w\" sizes=\"(max-width: 725px) 100vw, 725px\" \/>\t\t\t\t\t\t\t\t\t\t\t\t\t\t\t<\/div>\n\t\t\t\t<div class=\"elementor-element elementor-element-e3bb347 elementor-widget__width-inherit elementor-widget elementor-widget-image\" data-id=\"e3bb347\" data-element_type=\"widget\" data-widget_type=\"image.default\">\n\t\t\t\t\t\t\t\t\t\t\t\t\t\t\t<img decoding=\"async\" width=\"708\" height=\"539\" src=\"https:\/\/www.frprimeimoveis.com.br\/p\/wp-content\/uploads\/2026\/01\/card_fundador-2.webp\" class=\"attachment-large size-large wp-image-1484\" alt=\"\" srcset=\"https:\/\/www.frprimeimoveis.com.br\/p\/wp-content\/uploads\/2026\/01\/card_fundador-2.webp 708w, https:\/\/www.frprimeimoveis.com.br\/p\/wp-content\/uploads\/2026\/01\/card_fundador-2-300x228.webp 300w\" sizes=\"(max-width: 708px) 100vw, 708px\" \/>\t\t\t\t\t\t\t\t\t\t\t\t\t\t\t<\/div>\n\t\t\t\t<div class=\"elementor-element elementor-element-92a445e elementor-widget__width-inherit elementor-widget elementor-widget-image\" data-id=\"92a445e\" data-element_type=\"widget\" data-widget_type=\"image.default\">\n\t\t\t\t\t\t\t\t\t\t\t\t\t\t\t<img loading=\"lazy\" decoding=\"async\" width=\"724\" height=\"539\" src=\"https:\/\/www.frprimeimoveis.com.br\/p\/wp-content\/uploads\/2026\/01\/card_fundador-1.webp\" class=\"attachment-large size-large wp-image-1482\" alt=\"\" srcset=\"https:\/\/www.frprimeimoveis.com.br\/p\/wp-content\/uploads\/2026\/01\/card_fundador-1.webp 724w, https:\/\/www.frprimeimoveis.com.br\/p\/wp-content\/uploads\/2026\/01\/card_fundador-1-300x223.webp 300w\" sizes=\"(max-width: 724px) 100vw, 724px\" \/>\t\t\t\t\t\t\t\t\t\t\t\t\t\t\t<\/div>\n\t\t\t\t<\/div>\n\t\t\t\t<div class=\"elementor-element elementor-element-675987f elementor-widget__width-inherit elementor-widget elementor-widget-text-editor\" data-id=\"675987f\" data-element_type=\"widget\" data-widget_type=\"text-editor.default\">\n\t\t\t\t\t\t\t\t\t<p>Fl\u00e1vio enxerga o que muita gente ainda ignora: que o im\u00f3vel certo, na estrat\u00e9gia certa, <strong>pode mudar n\u00e3o s\u00f3 a condi\u00e7\u00e3o financeira de algu\u00e9m, mas sua rela\u00e7\u00e3o com o dinheiro, com o tempo e com o futuro.<\/strong><\/p><p>Ele n\u00e3o fala de im\u00f3veis como quem vende.<br \/>Fala como quem <strong>entende.<\/strong><\/p><p>\u2028<strong>De valoriza\u00e7\u00e3o, de timing, de localiza\u00e7\u00e3o.<\/strong>\u2028<br \/>Mas, acima de tudo, de como um bom im\u00f3vel, no momento certo, pode mudar o jogo.<\/p>\t\t\t\t\t\t\t\t<\/div>\n\t\t\t\t\t<\/div>\n\t\t\t\t<\/div>\n\t\t<div class=\"elementor-element elementor-element-d4af8ad e-flex e-con-boxed wpr-particle-no wpr-jarallax-no wpr-parallax-no wpr-sticky-section-no e-con e-parent\" data-id=\"d4af8ad\" data-element_type=\"container\" data-settings=\"{&quot;_ha_eqh_enable&quot;:false}\">\n\t\t\t\t\t<div class=\"e-con-inner\">\n\t\t\t\t<div class=\"elementor-element elementor-element-6ff5a6b elementor-widget__width-initial elementor-widget-mobile__width-inherit elementor-widget elementor-widget-text-editor\" data-id=\"6ff5a6b\" data-element_type=\"widget\" data-widget_type=\"text-editor.default\">\n\t\t\t\t\t\t\t\t\t<p>Sua trajet\u00f3ria come\u00e7ou em Volta Redonda, onde fundou a FR Prime com um princ\u00edpio claro: entregar mais que intermedia\u00e7\u00e3o.<\/p>\t\t\t\t\t\t\t\t<\/div>\n\t\t\t\t<div class=\"elementor-element elementor-element-8d0e954 elementor-widget__width-inherit elementor-widget-mobile__width-inherit elementor-widget elementor-widget-heading\" data-id=\"8d0e954\" data-element_type=\"widget\" data-widget_type=\"heading.default\">\n\t\t\t\t\t<h2 class=\"elementor-heading-title elementor-size-default\">Entregar vis\u00e3o. Dire\u00e7\u00e3o. Consist\u00eancia.<\/h2>\t\t\t\t<\/div>\n\t\t\t\t<div class=\"elementor-element elementor-element-40ab5aa elementor-widget__width-initial elementor-widget-mobile__width-inherit elementor-widget elementor-widget-text-editor\" data-id=\"40ab5aa\" data-element_type=\"widget\" data-widget_type=\"text-editor.default\">\n\t\t\t\t\t\t\t\t\t<p>Ajudar pessoas a tomarem decis\u00f5es seguras com o que t\u00eam de mais valioso: o patrim\u00f4nio de uma vida.<\/p>\t\t\t\t\t\t\t\t<\/div>\n\t\t<div class=\"elementor-element elementor-element-8b4df72 e-con-full e-flex wpr-particle-no wpr-jarallax-no wpr-parallax-no wpr-sticky-section-no e-con e-child\" data-id=\"8b4df72\" data-element_type=\"container\" data-settings=\"{&quot;_ha_eqh_enable&quot;:false}\">\n\t\t<div class=\"elementor-element elementor-element-be6d0ff e-con-full e-flex wpr-particle-no wpr-jarallax-no wpr-parallax-no wpr-sticky-section-no e-con e-child\" data-id=\"be6d0ff\" data-element_type=\"container\" data-settings=\"{&quot;_ha_eqh_enable&quot;:false}\">\n\t\t\t\t<div class=\"elementor-element elementor-element-06dffb0 elementor-widget__width-inherit elementor-widget elementor-widget-text-editor\" data-id=\"06dffb0\" data-element_type=\"widget\" data-widget_type=\"text-editor.default\">\n\t\t\t\t\t\t\t\t\t<p>Nascida em Volta Redonda &#8211; RJ e consolidada tamb\u00e9m em Alphaville &#8211; SP, a FR Prime se fortaleceu em dois polos estrat\u00e9gicos do mercado imobili\u00e1rio do pa\u00eds, sempre guiada pela mesma ess\u00eancia: atendimento consultivo, estrat\u00e9gia pr\u00e1tica e compromisso consistente com resultados.<\/p><p>Fl\u00e1vio est\u00e1 presente nas decis\u00f5es que importam.<\/p><p>\u00c9 ele quem orienta, ajusta, provoca.\u2028 Quem sabe a hora certa de segurar \u2014 e a hora certa de avan\u00e7ar.<\/p><p>N\u00e3o importa se voc\u00ea est\u00e1 comprando o primeiro im\u00f3vel ou ampliando <strong>seu portf\u00f3lio de investimentos.<\/strong><\/p><p>Com Fl\u00e1vio, cada movimento tem uma <strong>l\u00f3gica.<\/strong> Um porqu\u00ea. E um plano por tr\u00e1s.<\/p><p><em>Se voc\u00ea busca apenas um im\u00f3vel, a cidade est\u00e1 cheia de ofertas.\u2028<\/em><br \/><em>Mas se voc\u00ea busca um caminho claro para construir patrim\u00f4nio de verdade\u2026<\/em><\/p><p><em><strong>\u00c9 aqui que a sua jornada come\u00e7a.<\/strong><\/em><\/p>\t\t\t\t\t\t\t\t<\/div>\n\t\t\t\t<\/div>\n\t\t<div class=\"elementor-element elementor-element-8005b76 e-con-full e-flex wpr-particle-no wpr-jarallax-no wpr-parallax-no wpr-sticky-section-no e-con e-child\" data-id=\"8005b76\" data-element_type=\"container\" data-settings=\"{&quot;_ha_eqh_enable&quot;:false}\">\n\t\t\t\t<div class=\"elementor-element elementor-element-80122c1 animated-slow e-transform elementor-invisible elementor-widget elementor-widget-image\" data-id=\"80122c1\" data-element_type=\"widget\" data-settings=\"{&quot;_animation&quot;:&quot;fadeInRight&quot;,&quot;_transform_translateY_effect_hover&quot;:{&quot;unit&quot;:&quot;px&quot;,&quot;size&quot;:-10,&quot;sizes&quot;:[]},&quot;_transform_translateX_effect_hover&quot;:{&quot;unit&quot;:&quot;px&quot;,&quot;size&quot;:&quot;&quot;,&quot;sizes&quot;:[]},&quot;_transform_translateX_effect_hover_widescreen&quot;:{&quot;unit&quot;:&quot;px&quot;,&quot;size&quot;:&quot;&quot;,&quot;sizes&quot;:[]},&quot;_transform_translateX_effect_hover_laptop&quot;:{&quot;unit&quot;:&quot;px&quot;,&quot;size&quot;:&quot;&quot;,&quot;sizes&quot;:[]},&quot;_transform_translateX_effect_hover_tablet_extra&quot;:{&quot;unit&quot;:&quot;px&quot;,&quot;size&quot;:&quot;&quot;,&quot;sizes&quot;:[]},&quot;_transform_translateX_effect_hover_tablet&quot;:{&quot;unit&quot;:&quot;px&quot;,&quot;size&quot;:&quot;&quot;,&quot;sizes&quot;:[]},&quot;_transform_translateX_effect_hover_mobile_extra&quot;:{&quot;unit&quot;:&quot;px&quot;,&quot;size&quot;:&quot;&quot;,&quot;sizes&quot;:[]},&quot;_transform_translateX_effect_hover_mobile&quot;:{&quot;unit&quot;:&quot;px&quot;,&quot;size&quot;:&quot;&quot;,&quot;sizes&quot;:[]},&quot;_transform_translateY_effect_hover_widescreen&quot;:{&quot;unit&quot;:&quot;px&quot;,&quot;size&quot;:&quot;&quot;,&quot;sizes&quot;:[]},&quot;_transform_translateY_effect_hover_laptop&quot;:{&quot;unit&quot;:&quot;px&quot;,&quot;size&quot;:&quot;&quot;,&quot;sizes&quot;:[]},&quot;_transform_translateY_effect_hover_tablet_extra&quot;:{&quot;unit&quot;:&quot;px&quot;,&quot;size&quot;:&quot;&quot;,&quot;sizes&quot;:[]},&quot;_transform_translateY_effect_hover_tablet&quot;:{&quot;unit&quot;:&quot;px&quot;,&quot;size&quot;:&quot;&quot;,&quot;sizes&quot;:[]},&quot;_transform_translateY_effect_hover_mobile_extra&quot;:{&quot;unit&quot;:&quot;px&quot;,&quot;size&quot;:&quot;&quot;,&quot;sizes&quot;:[]},&quot;_transform_translateY_effect_hover_mobile&quot;:{&quot;unit&quot;:&quot;px&quot;,&quot;size&quot;:&quot;&quot;,&quot;sizes&quot;:[]}}\" data-widget_type=\"image.default\">\n\t\t\t\t\t\t\t\t\t\t\t\t\t\t\t<img loading=\"lazy\" decoding=\"async\" width=\"800\" height=\"983\" src=\"https:\/\/www.frprimeimoveis.com.br\/p\/wp-content\/uploads\/2026\/01\/Copia-de-IMG_0153-1-833x1024.webp\" class=\"attachment-large size-large wp-image-1498\" alt=\"\" srcset=\"https:\/\/www.frprimeimoveis.com.br\/p\/wp-content\/uploads\/2026\/01\/Copia-de-IMG_0153-1-833x1024.webp 833w, https:\/\/www.frprimeimoveis.com.br\/p\/wp-content\/uploads\/2026\/01\/Copia-de-IMG_0153-1-244x300.webp 244w, https:\/\/www.frprimeimoveis.com.br\/p\/wp-content\/uploads\/2026\/01\/Copia-de-IMG_0153-1-768x944.webp 768w, https:\/\/www.frprimeimoveis.com.br\/p\/wp-content\/uploads\/2026\/01\/Copia-de-IMG_0153-1.webp 1056w\" sizes=\"(max-width: 800px) 100vw, 800px\" \/>\t\t\t\t\t\t\t\t\t\t\t\t\t\t\t<\/div>\n\t\t<div class=\"elementor-element elementor-element-96ca165 e-con-full animated-slow e-flex wpr-particle-no wpr-jarallax-no wpr-parallax-no wpr-sticky-section-no elementor-invisible e-con e-child\" data-id=\"96ca165\" data-element_type=\"container\" data-settings=\"{&quot;animation&quot;:&quot;fadeInUp&quot;,&quot;_ha_eqh_enable&quot;:false}\">\n\t\t\t\t<div class=\"elementor-element elementor-element-0ad71d5 elementor-widget__width-inherit e-transform elementor-widget elementor-widget-image\" data-id=\"0ad71d5\" data-element_type=\"widget\" data-settings=\"{&quot;_transform_translateY_effect_hover&quot;:{&quot;unit&quot;:&quot;px&quot;,&quot;size&quot;:-10,&quot;sizes&quot;:[]},&quot;_transform_translateX_effect_hover&quot;:{&quot;unit&quot;:&quot;px&quot;,&quot;size&quot;:&quot;&quot;,&quot;sizes&quot;:[]},&quot;_transform_translateX_effect_hover_widescreen&quot;:{&quot;unit&quot;:&quot;px&quot;,&quot;size&quot;:&quot;&quot;,&quot;sizes&quot;:[]},&quot;_transform_translateX_effect_hover_laptop&quot;:{&quot;unit&quot;:&quot;px&quot;,&quot;size&quot;:&quot;&quot;,&quot;sizes&quot;:[]},&quot;_transform_translateX_effect_hover_tablet_extra&quot;:{&quot;unit&quot;:&quot;px&quot;,&quot;size&quot;:&quot;&quot;,&quot;sizes&quot;:[]},&quot;_transform_translateX_effect_hover_tablet&quot;:{&quot;unit&quot;:&quot;px&quot;,&quot;size&quot;:&quot;&quot;,&quot;sizes&quot;:[]},&quot;_transform_translateX_effect_hover_mobile_extra&quot;:{&quot;unit&quot;:&quot;px&quot;,&quot;size&quot;:&quot;&quot;,&quot;sizes&quot;:[]},&quot;_transform_translateX_effect_hover_mobile&quot;:{&quot;unit&quot;:&quot;px&quot;,&quot;size&quot;:&quot;&quot;,&quot;sizes&quot;:[]},&quot;_transform_translateY_effect_hover_widescreen&quot;:{&quot;unit&quot;:&quot;px&quot;,&quot;size&quot;:&quot;&quot;,&quot;sizes&quot;:[]},&quot;_transform_translateY_effect_hover_laptop&quot;:{&quot;unit&quot;:&quot;px&quot;,&quot;size&quot;:&quot;&quot;,&quot;sizes&quot;:[]},&quot;_transform_translateY_effect_hover_tablet_extra&quot;:{&quot;unit&quot;:&quot;px&quot;,&quot;size&quot;:&quot;&quot;,&quot;sizes&quot;:[]},&quot;_transform_translateY_effect_hover_tablet&quot;:{&quot;unit&quot;:&quot;px&quot;,&quot;size&quot;:&quot;&quot;,&quot;sizes&quot;:[]},&quot;_transform_translateY_effect_hover_mobile_extra&quot;:{&quot;unit&quot;:&quot;px&quot;,&quot;size&quot;:&quot;&quot;,&quot;sizes&quot;:[]},&quot;_transform_translateY_effect_hover_mobile&quot;:{&quot;unit&quot;:&quot;px&quot;,&quot;size&quot;:&quot;&quot;,&quot;sizes&quot;:[]}}\" data-widget_type=\"image.default\">\n\t\t\t\t\t\t\t\t\t\t\t\t\t\t\t<img loading=\"lazy\" decoding=\"async\" width=\"445\" height=\"321\" src=\"https:\/\/www.frprimeimoveis.com.br\/p\/wp-content\/uploads\/2026\/01\/Copia-de-IMG_3167.webp\" class=\"attachment-full size-full wp-image-1497\" alt=\"\" srcset=\"https:\/\/www.frprimeimoveis.com.br\/p\/wp-content\/uploads\/2026\/01\/Copia-de-IMG_3167.webp 445w, https:\/\/www.frprimeimoveis.com.br\/p\/wp-content\/uploads\/2026\/01\/Copia-de-IMG_3167-300x216.webp 300w\" sizes=\"(max-width: 445px) 100vw, 445px\" \/>\t\t\t\t\t\t\t\t\t\t\t\t\t\t\t<\/div>\n\t\t\t\t<div class=\"elementor-element elementor-element-c99fac3 elementor-widget__width-inherit e-transform elementor-widget elementor-widget-image\" data-id=\"c99fac3\" data-element_type=\"widget\" data-settings=\"{&quot;_transform_translateY_effect_hover&quot;:{&quot;unit&quot;:&quot;px&quot;,&quot;size&quot;:-10,&quot;sizes&quot;:[]},&quot;_transform_translateX_effect_hover&quot;:{&quot;unit&quot;:&quot;px&quot;,&quot;size&quot;:&quot;&quot;,&quot;sizes&quot;:[]},&quot;_transform_translateX_effect_hover_widescreen&quot;:{&quot;unit&quot;:&quot;px&quot;,&quot;size&quot;:&quot;&quot;,&quot;sizes&quot;:[]},&quot;_transform_translateX_effect_hover_laptop&quot;:{&quot;unit&quot;:&quot;px&quot;,&quot;size&quot;:&quot;&quot;,&quot;sizes&quot;:[]},&quot;_transform_translateX_effect_hover_tablet_extra&quot;:{&quot;unit&quot;:&quot;px&quot;,&quot;size&quot;:&quot;&quot;,&quot;sizes&quot;:[]},&quot;_transform_translateX_effect_hover_tablet&quot;:{&quot;unit&quot;:&quot;px&quot;,&quot;size&quot;:&quot;&quot;,&quot;sizes&quot;:[]},&quot;_transform_translateX_effect_hover_mobile_extra&quot;:{&quot;unit&quot;:&quot;px&quot;,&quot;size&quot;:&quot;&quot;,&quot;sizes&quot;:[]},&quot;_transform_translateX_effect_hover_mobile&quot;:{&quot;unit&quot;:&quot;px&quot;,&quot;size&quot;:&quot;&quot;,&quot;sizes&quot;:[]},&quot;_transform_translateY_effect_hover_widescreen&quot;:{&quot;unit&quot;:&quot;px&quot;,&quot;size&quot;:&quot;&quot;,&quot;sizes&quot;:[]},&quot;_transform_translateY_effect_hover_laptop&quot;:{&quot;unit&quot;:&quot;px&quot;,&quot;size&quot;:&quot;&quot;,&quot;sizes&quot;:[]},&quot;_transform_translateY_effect_hover_tablet_extra&quot;:{&quot;unit&quot;:&quot;px&quot;,&quot;size&quot;:&quot;&quot;,&quot;sizes&quot;:[]},&quot;_transform_translateY_effect_hover_tablet&quot;:{&quot;unit&quot;:&quot;px&quot;,&quot;size&quot;:&quot;&quot;,&quot;sizes&quot;:[]},&quot;_transform_translateY_effect_hover_mobile_extra&quot;:{&quot;unit&quot;:&quot;px&quot;,&quot;size&quot;:&quot;&quot;,&quot;sizes&quot;:[]},&quot;_transform_translateY_effect_hover_mobile&quot;:{&quot;unit&quot;:&quot;px&quot;,&quot;size&quot;:&quot;&quot;,&quot;sizes&quot;:[]}}\" data-widget_type=\"image.default\">\n\t\t\t\t\t\t\t\t\t\t\t\t\t\t\t<img loading=\"lazy\" decoding=\"async\" width=\"445\" height=\"321\" src=\"https:\/\/www.frprimeimoveis.com.br\/p\/wp-content\/uploads\/2026\/01\/Copia-de-IMG_3179.webp\" class=\"attachment-large size-large wp-image-1499\" alt=\"\" srcset=\"https:\/\/www.frprimeimoveis.com.br\/p\/wp-content\/uploads\/2026\/01\/Copia-de-IMG_3179.webp 445w, https:\/\/www.frprimeimoveis.com.br\/p\/wp-content\/uploads\/2026\/01\/Copia-de-IMG_3179-300x216.webp 300w\" sizes=\"(max-width: 445px) 100vw, 445px\" \/>\t\t\t\t\t\t\t\t\t\t\t\t\t\t\t<\/div>\n\t\t\t\t<\/div>\n\t\t\t\t<\/div>\n\t\t\t\t<\/div>\n\t\t<div class=\"elementor-element elementor-element-13fe02c e-con-full animated-slow e-flex wpr-particle-no wpr-jarallax-no wpr-parallax-no wpr-sticky-section-no elementor-invisible e-con e-child\" data-id=\"13fe02c\" data-element_type=\"container\" data-settings=\"{&quot;animation&quot;:&quot;fadeInLeft&quot;,&quot;_ha_eqh_enable&quot;:false}\">\n\t\t\t\t<div class=\"elementor-element elementor-element-e8de3d8 elementor-widget__width-inherit e-transform elementor-widget elementor-widget-image\" data-id=\"e8de3d8\" data-element_type=\"widget\" data-settings=\"{&quot;_transform_translateY_effect_hover&quot;:{&quot;unit&quot;:&quot;px&quot;,&quot;size&quot;:-10,&quot;sizes&quot;:[]},&quot;_transform_translateX_effect_hover&quot;:{&quot;unit&quot;:&quot;px&quot;,&quot;size&quot;:&quot;&quot;,&quot;sizes&quot;:[]},&quot;_transform_translateX_effect_hover_widescreen&quot;:{&quot;unit&quot;:&quot;px&quot;,&quot;size&quot;:&quot;&quot;,&quot;sizes&quot;:[]},&quot;_transform_translateX_effect_hover_laptop&quot;:{&quot;unit&quot;:&quot;px&quot;,&quot;size&quot;:&quot;&quot;,&quot;sizes&quot;:[]},&quot;_transform_translateX_effect_hover_tablet_extra&quot;:{&quot;unit&quot;:&quot;px&quot;,&quot;size&quot;:&quot;&quot;,&quot;sizes&quot;:[]},&quot;_transform_translateX_effect_hover_tablet&quot;:{&quot;unit&quot;:&quot;px&quot;,&quot;size&quot;:&quot;&quot;,&quot;sizes&quot;:[]},&quot;_transform_translateX_effect_hover_mobile_extra&quot;:{&quot;unit&quot;:&quot;px&quot;,&quot;size&quot;:&quot;&quot;,&quot;sizes&quot;:[]},&quot;_transform_translateX_effect_hover_mobile&quot;:{&quot;unit&quot;:&quot;px&quot;,&quot;size&quot;:&quot;&quot;,&quot;sizes&quot;:[]},&quot;_transform_translateY_effect_hover_widescreen&quot;:{&quot;unit&quot;:&quot;px&quot;,&quot;size&quot;:&quot;&quot;,&quot;sizes&quot;:[]},&quot;_transform_translateY_effect_hover_laptop&quot;:{&quot;unit&quot;:&quot;px&quot;,&quot;size&quot;:&quot;&quot;,&quot;sizes&quot;:[]},&quot;_transform_translateY_effect_hover_tablet_extra&quot;:{&quot;unit&quot;:&quot;px&quot;,&quot;size&quot;:&quot;&quot;,&quot;sizes&quot;:[]},&quot;_transform_translateY_effect_hover_tablet&quot;:{&quot;unit&quot;:&quot;px&quot;,&quot;size&quot;:&quot;&quot;,&quot;sizes&quot;:[]},&quot;_transform_translateY_effect_hover_mobile_extra&quot;:{&quot;unit&quot;:&quot;px&quot;,&quot;size&quot;:&quot;&quot;,&quot;sizes&quot;:[]},&quot;_transform_translateY_effect_hover_mobile&quot;:{&quot;unit&quot;:&quot;px&quot;,&quot;size&quot;:&quot;&quot;,&quot;sizes&quot;:[]}}\" data-widget_type=\"image.default\">\n\t\t\t\t\t\t\t\t\t\t\t\t\t\t\t<img loading=\"lazy\" decoding=\"async\" width=\"722\" height=\"538\" src=\"https:\/\/www.frprimeimoveis.com.br\/p\/wp-content\/uploads\/2026\/01\/Copia-de-IMG_3183.webp\" class=\"attachment-full size-full wp-image-1501\" alt=\"\" srcset=\"https:\/\/www.frprimeimoveis.com.br\/p\/wp-content\/uploads\/2026\/01\/Copia-de-IMG_3183.webp 722w, https:\/\/www.frprimeimoveis.com.br\/p\/wp-content\/uploads\/2026\/01\/Copia-de-IMG_3183-300x224.webp 300w\" sizes=\"(max-width: 722px) 100vw, 722px\" \/>\t\t\t\t\t\t\t\t\t\t\t\t\t\t\t<\/div>\n\t\t\t\t<div class=\"elementor-element elementor-element-8b58157 elementor-widget__width-inherit e-transform elementor-widget elementor-widget-image\" data-id=\"8b58157\" data-element_type=\"widget\" data-settings=\"{&quot;_transform_translateY_effect_hover&quot;:{&quot;unit&quot;:&quot;px&quot;,&quot;size&quot;:-10,&quot;sizes&quot;:[]},&quot;_transform_translateX_effect_hover&quot;:{&quot;unit&quot;:&quot;px&quot;,&quot;size&quot;:&quot;&quot;,&quot;sizes&quot;:[]},&quot;_transform_translateX_effect_hover_widescreen&quot;:{&quot;unit&quot;:&quot;px&quot;,&quot;size&quot;:&quot;&quot;,&quot;sizes&quot;:[]},&quot;_transform_translateX_effect_hover_laptop&quot;:{&quot;unit&quot;:&quot;px&quot;,&quot;size&quot;:&quot;&quot;,&quot;sizes&quot;:[]},&quot;_transform_translateX_effect_hover_tablet_extra&quot;:{&quot;unit&quot;:&quot;px&quot;,&quot;size&quot;:&quot;&quot;,&quot;sizes&quot;:[]},&quot;_transform_translateX_effect_hover_tablet&quot;:{&quot;unit&quot;:&quot;px&quot;,&quot;size&quot;:&quot;&quot;,&quot;sizes&quot;:[]},&quot;_transform_translateX_effect_hover_mobile_extra&quot;:{&quot;unit&quot;:&quot;px&quot;,&quot;size&quot;:&quot;&quot;,&quot;sizes&quot;:[]},&quot;_transform_translateX_effect_hover_mobile&quot;:{&quot;unit&quot;:&quot;px&quot;,&quot;size&quot;:&quot;&quot;,&quot;sizes&quot;:[]},&quot;_transform_translateY_effect_hover_widescreen&quot;:{&quot;unit&quot;:&quot;px&quot;,&quot;size&quot;:&quot;&quot;,&quot;sizes&quot;:[]},&quot;_transform_translateY_effect_hover_laptop&quot;:{&quot;unit&quot;:&quot;px&quot;,&quot;size&quot;:&quot;&quot;,&quot;sizes&quot;:[]},&quot;_transform_translateY_effect_hover_tablet_extra&quot;:{&quot;unit&quot;:&quot;px&quot;,&quot;size&quot;:&quot;&quot;,&quot;sizes&quot;:[]},&quot;_transform_translateY_effect_hover_tablet&quot;:{&quot;unit&quot;:&quot;px&quot;,&quot;size&quot;:&quot;&quot;,&quot;sizes&quot;:[]},&quot;_transform_translateY_effect_hover_mobile_extra&quot;:{&quot;unit&quot;:&quot;px&quot;,&quot;size&quot;:&quot;&quot;,&quot;sizes&quot;:[]},&quot;_transform_translateY_effect_hover_mobile&quot;:{&quot;unit&quot;:&quot;px&quot;,&quot;size&quot;:&quot;&quot;,&quot;sizes&quot;:[]}}\" data-widget_type=\"image.default\">\n\t\t\t\t\t\t\t\t\t\t\t\t\t\t\t<img loading=\"lazy\" decoding=\"async\" width=\"722\" height=\"538\" src=\"https:\/\/www.frprimeimoveis.com.br\/p\/wp-content\/uploads\/2026\/01\/123123.webp\" class=\"attachment-full size-full wp-image-1858\" alt=\"\" srcset=\"https:\/\/www.frprimeimoveis.com.br\/p\/wp-content\/uploads\/2026\/01\/123123.webp 722w, https:\/\/www.frprimeimoveis.com.br\/p\/wp-content\/uploads\/2026\/01\/123123-300x224.webp 300w\" sizes=\"(max-width: 722px) 100vw, 722px\" \/>\t\t\t\t\t\t\t\t\t\t\t\t\t\t\t<\/div>\n\t\t\t\t<div class=\"elementor-element elementor-element-4d1fbf8 elementor-widget__width-inherit e-transform elementor-widget elementor-widget-image\" data-id=\"4d1fbf8\" data-element_type=\"widget\" data-settings=\"{&quot;_transform_translateY_effect_hover&quot;:{&quot;unit&quot;:&quot;px&quot;,&quot;size&quot;:-10,&quot;sizes&quot;:[]},&quot;_transform_translateX_effect_hover&quot;:{&quot;unit&quot;:&quot;px&quot;,&quot;size&quot;:&quot;&quot;,&quot;sizes&quot;:[]},&quot;_transform_translateX_effect_hover_widescreen&quot;:{&quot;unit&quot;:&quot;px&quot;,&quot;size&quot;:&quot;&quot;,&quot;sizes&quot;:[]},&quot;_transform_translateX_effect_hover_laptop&quot;:{&quot;unit&quot;:&quot;px&quot;,&quot;size&quot;:&quot;&quot;,&quot;sizes&quot;:[]},&quot;_transform_translateX_effect_hover_tablet_extra&quot;:{&quot;unit&quot;:&quot;px&quot;,&quot;size&quot;:&quot;&quot;,&quot;sizes&quot;:[]},&quot;_transform_translateX_effect_hover_tablet&quot;:{&quot;unit&quot;:&quot;px&quot;,&quot;size&quot;:&quot;&quot;,&quot;sizes&quot;:[]},&quot;_transform_translateX_effect_hover_mobile_extra&quot;:{&quot;unit&quot;:&quot;px&quot;,&quot;size&quot;:&quot;&quot;,&quot;sizes&quot;:[]},&quot;_transform_translateX_effect_hover_mobile&quot;:{&quot;unit&quot;:&quot;px&quot;,&quot;size&quot;:&quot;&quot;,&quot;sizes&quot;:[]},&quot;_transform_translateY_effect_hover_widescreen&quot;:{&quot;unit&quot;:&quot;px&quot;,&quot;size&quot;:&quot;&quot;,&quot;sizes&quot;:[]},&quot;_transform_translateY_effect_hover_laptop&quot;:{&quot;unit&quot;:&quot;px&quot;,&quot;size&quot;:&quot;&quot;,&quot;sizes&quot;:[]},&quot;_transform_translateY_effect_hover_tablet_extra&quot;:{&quot;unit&quot;:&quot;px&quot;,&quot;size&quot;:&quot;&quot;,&quot;sizes&quot;:[]},&quot;_transform_translateY_effect_hover_tablet&quot;:{&quot;unit&quot;:&quot;px&quot;,&quot;size&quot;:&quot;&quot;,&quot;sizes&quot;:[]},&quot;_transform_translateY_effect_hover_mobile_extra&quot;:{&quot;unit&quot;:&quot;px&quot;,&quot;size&quot;:&quot;&quot;,&quot;sizes&quot;:[]},&quot;_transform_translateY_effect_hover_mobile&quot;:{&quot;unit&quot;:&quot;px&quot;,&quot;size&quot;:&quot;&quot;,&quot;sizes&quot;:[]}}\" data-widget_type=\"image.default\">\n\t\t\t\t\t\t\t\t\t\t\t\t\t\t\t<img loading=\"lazy\" decoding=\"async\" width=\"722\" height=\"538\" src=\"https:\/\/www.frprimeimoveis.com.br\/p\/wp-content\/uploads\/2026\/01\/Copia-de-IMG_3162.webp\" class=\"attachment-full size-full wp-image-1500\" alt=\"\" srcset=\"https:\/\/www.frprimeimoveis.com.br\/p\/wp-content\/uploads\/2026\/01\/Copia-de-IMG_3162.webp 722w, https:\/\/www.frprimeimoveis.com.br\/p\/wp-content\/uploads\/2026\/01\/Copia-de-IMG_3162-300x224.webp 300w\" sizes=\"(max-width: 722px) 100vw, 722px\" \/>\t\t\t\t\t\t\t\t\t\t\t\t\t\t\t<\/div>\n\t\t\t\t<\/div>\n\t\t\t\t\t<\/div>\n\t\t\t\t<\/div>\n\t\t<div class=\"elementor-element elementor-element-c5f04d4 e-flex e-con-boxed wpr-particle-no wpr-jarallax-no wpr-parallax-no wpr-sticky-section-no e-con e-parent\" data-id=\"c5f04d4\" data-element_type=\"container\" data-settings=\"{&quot;background_background&quot;:&quot;classic&quot;,&quot;_ha_eqh_enable&quot;:false}\">\n\t\t\t\t\t<div class=\"e-con-inner\">\n\t\t\t\t<div class=\"elementor-element elementor-element-9aedd66 elementor-widget elementor-widget-heading\" data-id=\"9aedd66\" data-element_type=\"widget\" data-widget_type=\"heading.default\">\n\t\t\t\t\t<h2 class=\"elementor-heading-title elementor-size-default\">Quer dar o pr\u00f3ximo passo com quem sabe te guiar?<\/h2>\t\t\t\t<\/div>\n\t\t\t\t<div class=\"elementor-element elementor-element-4350723 elementor-widget__width-initial elementor-widget elementor-widget-text-editor\" data-id=\"4350723\" data-element_type=\"widget\" data-widget_type=\"text-editor.default\">\n\t\t\t\t\t\t\t\t\tConverse com um especialista da FR Prime e descubra como transformar seu im\u00f3vel \u2014 ou sua pr\u00f3xima decis\u00e3o \u2014 em um passo estrat\u00e9gico para sua liberdade financeira.\t\t\t\t\t\t\t\t<\/div>\n\t\t\t\t<div class=\"elementor-element elementor-element-b408c4d elementor-align-center elementor-widget elementor-widget-button\" data-id=\"b408c4d\" data-element_type=\"widget\" data-widget_type=\"button.default\">\n\t\t\t\t\t\t\t\t\t\t<a class=\"elementor-button elementor-button-link elementor-size-sm elementor-animation-grow\" href=\"#elementor-action%3Aaction%3Dpopup%3Aopen%26settings%3DeyJpZCI6IjE0NjMiLCJ0b2dnbGUiOmZhbHNlfQ%3D%3D\">\n\t\t\t\t\t\t<span class=\"elementor-button-content-wrapper\">\n\t\t\t\t\t\t\t\t\t<span class=\"elementor-button-text\">Agende uma Conversa<\/span>\n\t\t\t\t\t<\/span>\n\t\t\t\t\t<\/a>\n\t\t\t\t\t\t\t\t<\/div>\n\t\t\t\t\t<\/div>\n\t\t\t\t<\/div>\n\t\t\t\t<\/div>\n\t\t","protected":false},"excerpt":{"rendered":"<p>Nosso Fundador Fl\u00e1vio Ribeiro \u2014\u00a0 O estrategista que transformou im\u00f3veis em caminho para a liberdade. Fl\u00e1vio Ribeiro \u00e9 a mente por tr\u00e1s de um movimento: mostrar que o mercado imobili\u00e1rio n\u00e3o precisa ser burocr\u00e1tico, confuso ou engessado.\u2028Ele pode, e deve, ser uma ferramenta poderosa de crescimento, liberdade e constru\u00e7\u00e3o de patrim\u00f4nio. Jur\u00eddico de forma\u00e7\u00e3o. Investidor na pr\u00e1tica.\u2028Especialista em alavancagem patrimonial. Agende uma Conversa Fl\u00e1vio enxerga o que muita gente ainda ignora: que o im\u00f3vel certo, na estrat\u00e9gia certa, pode mudar n\u00e3o s\u00f3 a condi\u00e7\u00e3o financeira de algu\u00e9m, mas sua rela\u00e7\u00e3o com o dinheiro, com o tempo e com o futuro. Ele n\u00e3o fala de im\u00f3veis como quem vende.Fala como quem entende. \u2028De valoriza\u00e7\u00e3o, de timing, de localiza\u00e7\u00e3o.\u2028Mas, acima de tudo, de como um bom im\u00f3vel, no momento certo, pode mudar o jogo. Sua trajet\u00f3ria come\u00e7ou em Volta Redonda, onde fundou a FR Prime com um princ\u00edpio claro: entregar mais que intermedia\u00e7\u00e3o. Entregar vis\u00e3o. Dire\u00e7\u00e3o. Consist\u00eancia. Ajudar pessoas a tomarem decis\u00f5es seguras com o que t\u00eam de mais valioso: o patrim\u00f4nio de uma vida. Nascida em Volta Redonda &#8211; RJ e consolidada tamb\u00e9m em Alphaville &#8211; SP, a FR Prime se fortaleceu em dois polos estrat\u00e9gicos do mercado imobili\u00e1rio do pa\u00eds, sempre guiada pela mesma ess\u00eancia: atendimento consultivo, estrat\u00e9gia pr\u00e1tica e compromisso consistente com resultados. Fl\u00e1vio est\u00e1 presente nas decis\u00f5es que importam. \u00c9 ele quem orienta, ajusta, provoca.\u2028 Quem sabe a hora certa de segurar \u2014 e a hora certa de avan\u00e7ar. N\u00e3o importa se voc\u00ea est\u00e1 comprando o primeiro im\u00f3vel ou ampliando seu portf\u00f3lio de investimentos. Com Fl\u00e1vio, cada movimento tem uma l\u00f3gica. Um porqu\u00ea. E um plano por tr\u00e1s. Se voc\u00ea busca apenas um im\u00f3vel, a cidade est\u00e1 cheia de ofertas.\u2028Mas se voc\u00ea busca um caminho claro para construir patrim\u00f4nio de verdade\u2026 \u00c9 aqui que a sua jornada come\u00e7a. Quer dar o pr\u00f3ximo passo com quem sabe te guiar? Converse com um especialista da FR Prime e descubra como transformar seu im\u00f3vel \u2014 ou sua pr\u00f3xima decis\u00e3o \u2014 em um passo estrat\u00e9gico para sua liberdade financeira. Agende uma Conversa<\/p>\n","protected":false},"author":1,"featured_media":0,"parent":0,"menu_order":0,"comment_status":"closed","ping_status":"closed","template":"","meta":{"footnotes":""},"class_list":["post-1476","page","type-page","status-publish","hentry"],"acf":[],"_links":{"self":[{"href":"https:\/\/www.frprimeimoveis.com.br\/p\/wp-json\/wp\/v2\/pages\/1476","targetHints":{"allow":["GET"]}}],"collection":[{"href":"https:\/\/www.frprimeimoveis.com.br\/p\/wp-json\/wp\/v2\/pages"}],"about":[{"href":"https:\/\/www.frprimeimoveis.com.br\/p\/wp-json\/wp\/v2\/types\/page"}],"author":[{"embeddable":true,"href":"https:\/\/www.frprimeimoveis.com.br\/p\/wp-json\/wp\/v2\/users\/1"}],"replies":[{"embeddable":true,"href":"https:\/\/www.frprimeimoveis.com.br\/p\/wp-json\/wp\/v2\/comments?post=1476"}],"version-history":[{"count":79,"href":"https:\/\/www.frprimeimoveis.com.br\/p\/wp-json\/wp\/v2\/pages\/1476\/revisions"}],"predecessor-version":[{"id":2520,"href":"https:\/\/www.frprimeimoveis.com.br\/p\/wp-json\/wp\/v2\/pages\/1476\/revisions\/2520"}],"wp:attachment":[{"href":"https:\/\/www.frprimeimoveis.com.br\/p\/wp-json\/wp\/v2\/media?parent=1476"}],"curies":[{"name":"wp","href":"https:\/\/api.w.org\/{rel}","templated":true}]}}